{"id":882,"date":"2021-11-05T10:16:32","date_gmt":"2021-11-05T10:16:32","guid":{"rendered":"https:\/\/garciacamara.com\/?page_id=882"},"modified":"2024-03-12T15:35:11","modified_gmt":"2024-03-12T15:35:11","slug":"news","status":"publish","type":"page","link":"https:\/\/garciacamara.com\/en\/news\/","title":{"rendered":"News"},"content":{"rendered":"\t\t<div data-elementor-type=\"wp-page\" data-elementor-id=\"882\" class=\"elementor elementor-882 elementor-185\" data-elementor-post-type=\"page\">\n\t\t\t\t\t\t<section class=\"elementor-section elementor-top-section elementor-element elementor-element-022d149 elementor-section-full_width elementor-section-height-default elementor-section-height-default\" data-id=\"022d149\" data-element_type=\"section\" data-settings=\"{&quot;background_background&quot;:&quot;classic&quot;}\">\n\t\t\t\t\t\t<div class=\"elementor-container elementor-column-gap-default\">\n\t\t\t\t\t<div class=\"elementor-column elementor-col-100 elementor-top-column elementor-element elementor-element-844a722\" data-id=\"844a722\" data-element_type=\"column\">\n\t\t\t<div class=\"elementor-widget-wrap elementor-element-populated\">\n\t\t\t\t\t\t<div class=\"elementor-element elementor-element-9e79e03 elementor-widget elementor-widget-spacer\" data-id=\"9e79e03\" data-element_type=\"widget\" data-widget_type=\"spacer.default\">\n\t\t\t\t<div class=\"elementor-widget-container\">\n\t\t\t\t\t\t\t<div class=\"elementor-spacer\">\n\t\t\t<div class=\"elementor-spacer-inner\"><\/div>\n\t\t<\/div>\n\t\t\t\t\t\t<\/div>\n\t\t\t\t<\/div>\n\t\t\t\t\t<\/div>\n\t\t<\/div>\n\t\t\t\t\t<\/div>\n\t\t<\/section>\n\t\t\t\t<section class=\"elementor-section elementor-top-section elementor-element elementor-element-a526ef2 elementor-section-boxed elementor-section-height-default elementor-section-height-default\" data-id=\"a526ef2\" data-element_type=\"section\">\n\t\t\t\t\t\t<div class=\"elementor-container elementor-column-gap-default\">\n\t\t\t\t\t<div class=\"elementor-column elementor-col-100 elementor-top-column elementor-element elementor-element-6ade122\" data-id=\"6ade122\" data-element_type=\"column\">\n\t\t\t<div class=\"elementor-widget-wrap elementor-element-populated\">\n\t\t\t\t\t\t<div class=\"elementor-element elementor-element-ef7ea24 elementor-widget elementor-widget-heading\" data-id=\"ef7ea24\" data-element_type=\"widget\" data-widget_type=\"heading.default\">\n\t\t\t\t<div class=\"elementor-widget-container\">\n\t\t\t\t\t<h2 class=\"elementor-heading-title elementor-size-default\">NEWS<\/h2>\t\t\t\t<\/div>\n\t\t\t\t<\/div>\n\t\t\t\t<div class=\"elementor-element elementor-element-dea6fb2 elementor-widget elementor-widget-text-editor\" data-id=\"dea6fb2\" data-element_type=\"widget\" data-widget_type=\"text-editor.default\">\n\t\t\t\t<div class=\"elementor-widget-container\">\n\t\t\t\t\t\t\t\t\t<style>.wp-show-posts-columns#wpsp-192 {margin-left: -6em; }.wp-show-posts-columns#wpsp-192 .wp-show-posts-inner {margin: 0 0 6em 6em; }<\/style><section id=\"wpsp-192\" class=\" wp-show-posts-columns wp-show-posts\" style=\"\"><article class=\" wp-show-posts-single post-3632 post type-post status-publish format-standard has-post-thumbnail hentry category-uncategorized wpsp-col-4\" itemtype=\"http:\/\/schema.org\/CreativeWork\" itemscope><div class=\"wp-show-posts-inner\" style=\"\">\t\t<div class=\"wp-show-posts-image  wpsp-image-center \">\n\t\t\t<a href=\"https:\/\/garciacamara.com\/en\/garcia-camara-at-euroshop-2026\/\"  title=\"GARC\u00cdA C\u00c1MARA AT EUROSHOP 2026\"><img fetchpriority=\"high\" decoding=\"async\" width=\"1920\" height=\"1080\" src=\"https:\/\/garciacamara.com\/wp-content\/uploads\/2026\/03\/gc-levante.jpg\" class=\"attachment-full size-full wp-post-image\" alt=\"\" itemprop=\"image\" srcset=\"https:\/\/garciacamara.com\/wp-content\/uploads\/2026\/03\/gc-levante.jpg 1920w, https:\/\/garciacamara.com\/wp-content\/uploads\/2026\/03\/gc-levante-300x169.jpg 300w, https:\/\/garciacamara.com\/wp-content\/uploads\/2026\/03\/gc-levante-1024x576.jpg 1024w, https:\/\/garciacamara.com\/wp-content\/uploads\/2026\/03\/gc-levante-768x432.jpg 768w, https:\/\/garciacamara.com\/wp-content\/uploads\/2026\/03\/gc-levante-1536x864.jpg 1536w\" sizes=\"(max-width: 1920px) 100vw, 1920px\" \/><\/a>\t\t<\/div>\n\t\t\t\t\t\t\t\t<header class=\"wp-show-posts-entry-header\">\n\t\t\t\t\t\t\t<h2 class=\"wp-show-posts-entry-title\" itemprop=\"headline\"><a href=\"https:\/\/garciacamara.com\/en\/garcia-camara-at-euroshop-2026\/\" rel=\"bookmark\">GARC\u00cdA C\u00c1MARA AT EUROSHOP 2026<\/a><\/h2>\t\t\t\t\t\t<\/header><!-- .entry-header -->\n\t\t\t\t\t\t\t\t\t\t\t<div class=\"wp-show-posts-entry-summary\" itemprop=\"text\">\n\t\t\t\t\t\t\t<p>GC participated in the latest edition of EUROSHOP, where we presented our GASCOOLER HYBRID LEVANTE. We would like to sincerely thank everyone who visited our stand during the exhibition and&#8230;<\/p>\n\t\t\t\t\t\t<\/div><!-- .entry-summary -->\n\t\t\t\t\t<\/div><!-- wp-show-posts-inner --><\/article><article class=\" wp-show-posts-single post-3556 post type-post status-publish format-standard has-post-thumbnail hentry category-uncategorized wpsp-col-4\" itemtype=\"http:\/\/schema.org\/CreativeWork\" itemscope><div class=\"wp-show-posts-inner\" style=\"\">\t\t<div class=\"wp-show-posts-image  wpsp-image-center \">\n\t\t\t<a href=\"https:\/\/garciacamara.com\/en\/multipurpose-evaporators\/\"  title=\"MULTIPURPOSE EVAPORATORS\"><img decoding=\"async\" width=\"640\" height=\"480\" src=\"https:\/\/garciacamara.com\/wp-content\/uploads\/2025\/12\/caja-venti-con-bateria.png\" class=\"attachment-full size-full wp-post-image\" alt=\"\" itemprop=\"image\" srcset=\"https:\/\/garciacamara.com\/wp-content\/uploads\/2025\/12\/caja-venti-con-bateria.png 640w, https:\/\/garciacamara.com\/wp-content\/uploads\/2025\/12\/caja-venti-con-bateria-300x225.png 300w\" sizes=\"(max-width: 640px) 100vw, 640px\" \/><\/a>\t\t<\/div>\n\t\t\t\t\t\t\t\t<header class=\"wp-show-posts-entry-header\">\n\t\t\t\t\t\t\t<h2 class=\"wp-show-posts-entry-title\" itemprop=\"headline\"><a href=\"https:\/\/garciacamara.com\/en\/multipurpose-evaporators\/\" rel=\"bookmark\">MULTIPURPOSE EVAPORATORS<\/a><\/h2>\t\t\t\t\t\t<\/header><!-- .entry-header -->\n\t\t\t\t\t\t\t\t\t\t\t<div class=\"wp-show-posts-entry-summary\" itemprop=\"text\">\n\t\t\t\t\t\t\t<p>In recent years, the refrigeration sector has been experiencing one of the most complex periods in memory. The regulatory pressure derived from the EU F-Gas Regulation and the progressive adjustment&#8230;<\/p>\n\t\t\t\t\t\t<\/div><!-- .entry-summary -->\n\t\t\t\t\t<\/div><!-- wp-show-posts-inner --><\/article><article class=\" wp-show-posts-single post-3510 post type-post status-publish format-standard has-post-thumbnail hentry category-uncategorized wpsp-col-4\" itemtype=\"http:\/\/schema.org\/CreativeWork\" itemscope><div class=\"wp-show-posts-inner\" style=\"\">\t\t<div class=\"wp-show-posts-image  wpsp-image-center \">\n\t\t\t<a href=\"https:\/\/garciacamara.com\/en\/more-efficient-system-designs\/\"  title=\"More Efficient System Designs\"><img decoding=\"async\" width=\"2560\" height=\"1920\" src=\"https:\/\/garciacamara.com\/wp-content\/uploads\/2025\/10\/IMG_0582-editada-scaled.jpg\" class=\"attachment-full size-full wp-post-image\" alt=\"\" itemprop=\"image\" srcset=\"https:\/\/garciacamara.com\/wp-content\/uploads\/2025\/10\/IMG_0582-editada-scaled.jpg 2560w, https:\/\/garciacamara.com\/wp-content\/uploads\/2025\/10\/IMG_0582-editada-300x225.jpg 300w, https:\/\/garciacamara.com\/wp-content\/uploads\/2025\/10\/IMG_0582-editada-1024x768.jpg 1024w, https:\/\/garciacamara.com\/wp-content\/uploads\/2025\/10\/IMG_0582-editada-768x576.jpg 768w, https:\/\/garciacamara.com\/wp-content\/uploads\/2025\/10\/IMG_0582-editada-1536x1152.jpg 1536w, https:\/\/garciacamara.com\/wp-content\/uploads\/2025\/10\/IMG_0582-editada-2048x1536.jpg 2048w\" sizes=\"(max-width: 2560px) 100vw, 2560px\" \/><\/a>\t\t<\/div>\n\t\t\t\t\t\t\t\t<header class=\"wp-show-posts-entry-header\">\n\t\t\t\t\t\t\t<h2 class=\"wp-show-posts-entry-title\" itemprop=\"headline\"><a href=\"https:\/\/garciacamara.com\/en\/more-efficient-system-designs\/\" rel=\"bookmark\">More Efficient System Designs<\/a><\/h2>\t\t\t\t\t\t<\/header><!-- .entry-header -->\n\t\t\t\t\t\t\t\t\t\t\t<div class=\"wp-show-posts-entry-summary\" itemprop=\"text\">\n\t\t\t\t\t\t\t<p>In line with our innovation and sustainability strategy, we develop industrial refrigeration solutions based on ammonia (NH\u2083) in direct expansion and low-charge systems. This technology delivers high energy efficiency and safety while reducing environmental impact and ensuring compliance with increasingly strict regulations.<\/p>\n\t\t\t\t\t\t<\/div><!-- .entry-summary -->\n\t\t\t\t\t<\/div><!-- wp-show-posts-inner --><\/article><article class=\" wp-show-posts-single post-3473 post type-post status-publish format-standard has-post-thumbnail hentry category-uncategorized wpsp-col-4\" itemtype=\"http:\/\/schema.org\/CreativeWork\" itemscope><div class=\"wp-show-posts-inner\" style=\"\">\t\t<div class=\"wp-show-posts-image  wpsp-image-center \">\n\t\t\t<a href=\"https:\/\/garciacamara.com\/en\/nh%e2%82%83-systems-with-direct-expansion-and-low-charge\/\"  title=\"NH\u2083 SYSTEMS WITH DIRECT EXPANSION AND LOW CHARGE\"><img loading=\"lazy\" decoding=\"async\" width=\"2560\" height=\"1920\" src=\"https:\/\/garciacamara.com\/wp-content\/uploads\/2025\/09\/GC-copia-scaled.jpg\" class=\"attachment-full size-full wp-post-image\" alt=\"\" itemprop=\"image\" srcset=\"https:\/\/garciacamara.com\/wp-content\/uploads\/2025\/09\/GC-copia-scaled.jpg 2560w, https:\/\/garciacamara.com\/wp-content\/uploads\/2025\/09\/GC-copia-300x225.jpg 300w, https:\/\/garciacamara.com\/wp-content\/uploads\/2025\/09\/GC-copia-1024x768.jpg 1024w, https:\/\/garciacamara.com\/wp-content\/uploads\/2025\/09\/GC-copia-768x576.jpg 768w, https:\/\/garciacamara.com\/wp-content\/uploads\/2025\/09\/GC-copia-1536x1152.jpg 1536w, https:\/\/garciacamara.com\/wp-content\/uploads\/2025\/09\/GC-copia-2048x1536.jpg 2048w\" sizes=\"(max-width: 2560px) 100vw, 2560px\" \/><\/a>\t\t<\/div>\n\t\t\t\t\t\t\t\t<header class=\"wp-show-posts-entry-header\">\n\t\t\t\t\t\t\t<h2 class=\"wp-show-posts-entry-title\" itemprop=\"headline\"><a href=\"https:\/\/garciacamara.com\/en\/nh%e2%82%83-systems-with-direct-expansion-and-low-charge\/\" rel=\"bookmark\">NH\u2083 SYSTEMS WITH DIRECT EXPANSION AND LOW CHARGE<\/a><\/h2>\t\t\t\t\t\t<\/header><!-- .entry-header -->\n\t\t\t\t\t\t\t\t\t\t\t<div class=\"wp-show-posts-entry-summary\" itemprop=\"text\">\n\t\t\t\t\t\t\t<p>WE ARE COMMITTED TO NH\u2083 DIRECT EXPANSION AND LOW CHARGE SYSTEMS AS AN EFFICIENT AND SUSTAINABLE SOLUTION We are committed to sustainability and energy efficiency through the design, development, and&#8230;<\/p>\n\t\t\t\t\t\t<\/div><!-- .entry-summary -->\n\t\t\t\t\t<\/div><!-- wp-show-posts-inner --><\/article><article class=\" wp-show-posts-single post-3433 post type-post status-publish format-standard has-post-thumbnail hentry category-uncategorized wpsp-col-4\" itemtype=\"http:\/\/schema.org\/CreativeWork\" itemscope><div class=\"wp-show-posts-inner\" style=\"\">\t\t<div class=\"wp-show-posts-image  wpsp-image-center \">\n\t\t\t<a href=\"https:\/\/garciacamara.com\/en\/ammonia-direct-expansion-evaporators-with-nested-circuit-for-defrosting\/\"  title=\"Ammonia direct-expansion evaporators with nested circuit for defrosting\"><img loading=\"lazy\" decoding=\"async\" width=\"2040\" height=\"1350\" src=\"https:\/\/garciacamara.com\/wp-content\/uploads\/2025\/07\/garcia-camara-amoniaco.jpg\" class=\"attachment-full size-full wp-post-image\" alt=\"\" itemprop=\"image\" srcset=\"https:\/\/garciacamara.com\/wp-content\/uploads\/2025\/07\/garcia-camara-amoniaco.jpg 2040w, https:\/\/garciacamara.com\/wp-content\/uploads\/2025\/07\/garcia-camara-amoniaco-300x199.jpg 300w, https:\/\/garciacamara.com\/wp-content\/uploads\/2025\/07\/garcia-camara-amoniaco-1024x678.jpg 1024w, https:\/\/garciacamara.com\/wp-content\/uploads\/2025\/07\/garcia-camara-amoniaco-768x508.jpg 768w, https:\/\/garciacamara.com\/wp-content\/uploads\/2025\/07\/garcia-camara-amoniaco-1536x1016.jpg 1536w\" sizes=\"(max-width: 2040px) 100vw, 2040px\" \/><\/a>\t\t<\/div>\n\t\t\t\t\t\t\t\t<header class=\"wp-show-posts-entry-header\">\n\t\t\t\t\t\t\t<h2 class=\"wp-show-posts-entry-title\" itemprop=\"headline\"><a href=\"https:\/\/garciacamara.com\/en\/ammonia-direct-expansion-evaporators-with-nested-circuit-for-defrosting\/\" rel=\"bookmark\">Ammonia direct-expansion evaporators with nested circuit for defrosting<\/a><\/h2>\t\t\t\t\t\t<\/header><!-- .entry-header -->\n\t\t\t\t\t\t\t\t\t\t\t<div class=\"wp-show-posts-entry-summary\" itemprop=\"text\">\n\t\t\t\t\t\t\t<p>A new generation of direct-expansion (DX) ammonia evaporators (R717\/NH\u2083) designed with a nested circuit specifically conceived to optimise the defrost process. This technological breakthrough meets the growing demand for more&#8230;<\/p>\n\t\t\t\t\t\t<\/div><!-- .entry-summary -->\n\t\t\t\t\t<\/div><!-- wp-show-posts-inner --><\/article><article class=\" wp-show-posts-single post-3408 post type-post status-publish format-standard has-post-thumbnail hentry category-uncategorized wpsp-col-4\" itemtype=\"http:\/\/schema.org\/CreativeWork\" itemscope><div class=\"wp-show-posts-inner\" style=\"\">\t\t<div class=\"wp-show-posts-image  wpsp-image-center \">\n\t\t\t<a href=\"https:\/\/garciacamara.com\/en\/defrost-by-interleaved-coil\/\"  title=\"DEFROST BY INTERLEAVED COIL\"><img loading=\"lazy\" decoding=\"async\" width=\"1707\" height=\"2560\" src=\"https:\/\/garciacamara.com\/wp-content\/uploads\/2025\/06\/2.-Circuito-imbricado-detalle-scaled.jpg\" class=\"attachment-full size-full wp-post-image\" alt=\"\" itemprop=\"image\" srcset=\"https:\/\/garciacamara.com\/wp-content\/uploads\/2025\/06\/2.-Circuito-imbricado-detalle-scaled.jpg 1707w, https:\/\/garciacamara.com\/wp-content\/uploads\/2025\/06\/2.-Circuito-imbricado-detalle-200x300.jpg 200w, https:\/\/garciacamara.com\/wp-content\/uploads\/2025\/06\/2.-Circuito-imbricado-detalle-683x1024.jpg 683w, https:\/\/garciacamara.com\/wp-content\/uploads\/2025\/06\/2.-Circuito-imbricado-detalle-768x1152.jpg 768w, https:\/\/garciacamara.com\/wp-content\/uploads\/2025\/06\/2.-Circuito-imbricado-detalle-1024x1536.jpg 1024w, https:\/\/garciacamara.com\/wp-content\/uploads\/2025\/06\/2.-Circuito-imbricado-detalle-1365x2048.jpg 1365w\" sizes=\"(max-width: 1707px) 100vw, 1707px\" \/><\/a>\t\t<\/div>\n\t\t\t\t\t\t\t\t<header class=\"wp-show-posts-entry-header\">\n\t\t\t\t\t\t\t<h2 class=\"wp-show-posts-entry-title\" itemprop=\"headline\"><a href=\"https:\/\/garciacamara.com\/en\/defrost-by-interleaved-coil\/\" rel=\"bookmark\">DEFROST BY INTERLEAVED COIL<\/a><\/h2>\t\t\t\t\t\t<\/header><!-- .entry-header -->\n\t\t\t\t\t\t\t\t\t\t\t<div class=\"wp-show-posts-entry-summary\" itemprop=\"text\">\n\t\t\t\t\t\t\t<p>Frost formation on evaporator coils is one of the most common and challenging issues in refrigeration systems. When ice accumulates on heat exchange surfaces, such as tubes and fins, it&#8230;<\/p>\n\t\t\t\t\t\t<\/div><!-- .entry-summary -->\n\t\t\t\t\t<\/div><!-- wp-show-posts-inner --><\/article><article class=\" wp-show-posts-single post-3382 post type-post status-publish format-standard has-post-thumbnail hentry category-uncategorized wpsp-col-4\" itemtype=\"http:\/\/schema.org\/CreativeWork\" itemscope><div class=\"wp-show-posts-inner\" style=\"\">\t\t<div class=\"wp-show-posts-image  wpsp-image-center \">\n\t\t\t<a href=\"https:\/\/garciacamara.com\/en\/quality-and-sustainability-in-oems\/\"  title=\"Quality and Sustainability in OEMs\"><img loading=\"lazy\" decoding=\"async\" width=\"800\" height=\"500\" src=\"https:\/\/garciacamara.com\/wp-content\/uploads\/2025\/05\/gc-1.jpg\" class=\"attachment-full size-full wp-post-image\" alt=\"\" itemprop=\"image\" srcset=\"https:\/\/garciacamara.com\/wp-content\/uploads\/2025\/05\/gc-1.jpg 800w, https:\/\/garciacamara.com\/wp-content\/uploads\/2025\/05\/gc-1-300x188.jpg 300w, https:\/\/garciacamara.com\/wp-content\/uploads\/2025\/05\/gc-1-768x480.jpg 768w\" sizes=\"(max-width: 800px) 100vw, 800px\" \/><\/a>\t\t<\/div>\n\t\t\t\t\t\t\t\t<header class=\"wp-show-posts-entry-header\">\n\t\t\t\t\t\t\t<h2 class=\"wp-show-posts-entry-title\" itemprop=\"headline\"><a href=\"https:\/\/garciacamara.com\/en\/quality-and-sustainability-in-oems\/\" rel=\"bookmark\">Quality and Sustainability in OEMs<\/a><\/h2>\t\t\t\t\t\t<\/header><!-- .entry-header -->\n\t\t\t\t\t\t\t\t\t\t\t<div class=\"wp-show-posts-entry-summary\" itemprop=\"text\">\n\t\t\t\t\t\t\t<p>At Garc\u00eda C\u00e1mara, we have been pioneers in the development of OEM solutions since our founding in 1942. We work closely with our clients to deliver tailor-made products, manufactured under&#8230;<\/p>\n\t\t\t\t\t\t<\/div><!-- .entry-summary -->\n\t\t\t\t\t<\/div><!-- wp-show-posts-inner --><\/article><article class=\" wp-show-posts-single post-3356 post type-post status-publish format-standard has-post-thumbnail hentry category-uncategorized wpsp-col-4\" itemtype=\"http:\/\/schema.org\/CreativeWork\" itemscope><div class=\"wp-show-posts-inner\" style=\"\">\t\t<div class=\"wp-show-posts-image  wpsp-image-center \">\n\t\t\t<a href=\"https:\/\/garciacamara.com\/en\/garcia-camara-adds-bim-format-to-its-selector\/\"  title=\"GARCIA C\u00c1MARA adds BIM format to its selector\"><img loading=\"lazy\" decoding=\"async\" width=\"2040\" height=\"1530\" src=\"https:\/\/garciacamara.com\/wp-content\/uploads\/2025\/03\/GC-blog-20marzo.jpg\" class=\"attachment-full size-full wp-post-image\" alt=\"\" itemprop=\"image\" srcset=\"https:\/\/garciacamara.com\/wp-content\/uploads\/2025\/03\/GC-blog-20marzo.jpg 2040w, https:\/\/garciacamara.com\/wp-content\/uploads\/2025\/03\/GC-blog-20marzo-300x225.jpg 300w, https:\/\/garciacamara.com\/wp-content\/uploads\/2025\/03\/GC-blog-20marzo-1024x768.jpg 1024w, https:\/\/garciacamara.com\/wp-content\/uploads\/2025\/03\/GC-blog-20marzo-768x576.jpg 768w, https:\/\/garciacamara.com\/wp-content\/uploads\/2025\/03\/GC-blog-20marzo-1536x1152.jpg 1536w\" sizes=\"(max-width: 2040px) 100vw, 2040px\" \/><\/a>\t\t<\/div>\n\t\t\t\t\t\t\t\t<header class=\"wp-show-posts-entry-header\">\n\t\t\t\t\t\t\t<h2 class=\"wp-show-posts-entry-title\" itemprop=\"headline\"><a href=\"https:\/\/garciacamara.com\/en\/garcia-camara-adds-bim-format-to-its-selector\/\" rel=\"bookmark\">GARCIA C\u00c1MARA adds BIM format to its selector<\/a><\/h2>\t\t\t\t\t\t<\/header><!-- .entry-header -->\n\t\t\t\t\t\t\t\t\t\t\t<div class=\"wp-show-posts-entry-summary\" itemprop=\"text\">\n\t\t\t\t\t\t\t<p>At GARCIA C\u00c1MARA, we continue to innovate and have added the BIM (Building Information Modelling) format to our selector. It is now available for our range of evaporators: BSL, EC,&#8230;<\/p>\n\t\t\t\t\t\t<\/div><!-- .entry-summary -->\n\t\t\t\t\t<\/div><!-- wp-show-posts-inner --><\/article><article class=\" wp-show-posts-single post-3321 post type-post status-publish format-standard has-post-thumbnail hentry category-uncategorized wpsp-col-4\" itemtype=\"http:\/\/schema.org\/CreativeWork\" itemscope><div class=\"wp-show-posts-inner\" style=\"\">\t\t<div class=\"wp-show-posts-image  wpsp-image-center \">\n\t\t\t<a href=\"https:\/\/garciacamara.com\/en\/future-refrigeration-professionals-visit-gc-to-experience-innovation-in-manufacturing\/\"  title=\"Future Refrigeration Professionals Visit GC to Experience Innovation in Manufacturing\"><img loading=\"lazy\" decoding=\"async\" width=\"2040\" height=\"1536\" src=\"https:\/\/garciacamara.com\/wp-content\/uploads\/2025\/02\/GC-BLOG-PROFESIONALES.jpg\" class=\"attachment-full size-full wp-post-image\" alt=\"\" itemprop=\"image\" srcset=\"https:\/\/garciacamara.com\/wp-content\/uploads\/2025\/02\/GC-BLOG-PROFESIONALES.jpg 2040w, https:\/\/garciacamara.com\/wp-content\/uploads\/2025\/02\/GC-BLOG-PROFESIONALES-300x226.jpg 300w, https:\/\/garciacamara.com\/wp-content\/uploads\/2025\/02\/GC-BLOG-PROFESIONALES-1024x771.jpg 1024w, https:\/\/garciacamara.com\/wp-content\/uploads\/2025\/02\/GC-BLOG-PROFESIONALES-768x578.jpg 768w, https:\/\/garciacamara.com\/wp-content\/uploads\/2025\/02\/GC-BLOG-PROFESIONALES-1536x1157.jpg 1536w\" sizes=\"(max-width: 2040px) 100vw, 2040px\" \/><\/a>\t\t<\/div>\n\t\t\t\t\t\t\t\t<header class=\"wp-show-posts-entry-header\">\n\t\t\t\t\t\t\t<h2 class=\"wp-show-posts-entry-title\" itemprop=\"headline\"><a href=\"https:\/\/garciacamara.com\/en\/future-refrigeration-professionals-visit-gc-to-experience-innovation-in-manufacturing\/\" rel=\"bookmark\">Future Refrigeration Professionals Visit GC to Experience Innovation in Manufacturing<\/a><\/h2>\t\t\t\t\t\t<\/header><!-- .entry-header -->\n\t\t\t\t\t\t\t\t\t\t\t<div class=\"wp-show-posts-entry-summary\" itemprop=\"text\">\n\t\t\t\t\t\t\t<p>On Wednesday, February 12th, a group of students from IES Llombai de Burriana, enrolled in the 1st and 2nd year of the Intermediate Vocational Training Program in Installation and Maintenance&#8230;<\/p>\n\t\t\t\t\t\t<\/div><!-- .entry-summary -->\n\t\t\t\t\t<\/div><!-- wp-show-posts-inner --><\/article><div class=\"wpsp-clear\"><\/div><\/section><!-- .wp-show-posts --><div class=\"wpsp-load-more\"><span aria-current=\"page\" class=\"page-numbers current\">1<\/span>\n<a class=\"page-numbers\" href=\"https:\/\/garciacamara.com\/en\/wp-json\/wp\/v2\/pages\/882\/page\/2\/\">2<\/a>\n<span class=\"page-numbers dots\">&hellip;<\/span>\n<a class=\"page-numbers\" href=\"https:\/\/garciacamara.com\/en\/wp-json\/wp\/v2\/pages\/882\/page\/4\/\">4<\/a>\n<a class=\"next page-numbers\" href=\"https:\/\/garciacamara.com\/en\/wp-json\/wp\/v2\/pages\/882\/page\/2\/\">Next &rarr;<\/a><\/div>\t\t\t\t\t\t\t\t<\/div>\n\t\t\t\t<\/div>\n\t\t\t\t\t<\/div>\n\t\t<\/div>\n\t\t\t\t\t<\/div>\n\t\t<\/section>\n\t\t\t\t<\/div>\n\t\t","protected":false},"excerpt":{"rendered":"<p>NEWS<\/p>\n","protected":false},"author":1,"featured_media":0,"parent":0,"menu_order":0,"comment_status":"closed","ping_status":"closed","template":"elementor_header_footer","meta":{"inline_featured_image":false,"footnotes":""},"class_list":["post-882","page","type-page","status-publish","hentry"],"yoast_head":"<!-- This site is optimized with the Yoast SEO plugin v25.8 - https:\/\/yoast.com\/wordpress\/plugins\/seo\/ -->\n<title>News - Garc\u00eda C\u00e1mara<\/title>\n<meta name=\"robots\" content=\"index, follow, max-snippet:-1, max-image-preview:large, max-video-preview:-1\" \/>\n<link rel=\"canonical\" href=\"https:\/\/garciacamara.com\/noticias\/\" \/>\n<meta property=\"og:locale\" content=\"en_US\" \/>\n<meta property=\"og:type\" content=\"article\" \/>\n<meta property=\"og:title\" content=\"News - Garc\u00eda C\u00e1mara\" \/>\n<meta property=\"og:description\" content=\"NEWS\" \/>\n<meta property=\"og:url\" content=\"https:\/\/garciacamara.com\/noticias\/\" \/>\n<meta property=\"og:site_name\" content=\"Garc\u00eda C\u00e1mara\" \/>\n<meta property=\"article:modified_time\" content=\"2024-03-12T15:35:11+00:00\" \/>\n<meta name=\"twitter:card\" content=\"summary_large_image\" \/>\n<meta name=\"twitter:label1\" content=\"Est. reading time\" \/>\n\t<meta name=\"twitter:data1\" content=\"4 minutes\" \/>\n<script type=\"application\/ld+json\" class=\"yoast-schema-graph\">{\"@context\":\"https:\/\/schema.org\",\"@graph\":[{\"@type\":\"WebPage\",\"@id\":\"https:\/\/garciacamara.com\/noticias\/\",\"url\":\"https:\/\/garciacamara.com\/noticias\/\",\"name\":\"News - Garc\u00eda C\u00e1mara\",\"isPartOf\":{\"@id\":\"https:\/\/garciacamara.com\/#website\"},\"datePublished\":\"2021-11-05T10:16:32+00:00\",\"dateModified\":\"2024-03-12T15:35:11+00:00\",\"breadcrumb\":{\"@id\":\"https:\/\/garciacamara.com\/noticias\/#breadcrumb\"},\"inLanguage\":\"en-US\",\"potentialAction\":[{\"@type\":\"ReadAction\",\"target\":[\"https:\/\/garciacamara.com\/noticias\/\"]}]},{\"@type\":\"BreadcrumbList\",\"@id\":\"https:\/\/garciacamara.com\/noticias\/#breadcrumb\",\"itemListElement\":[{\"@type\":\"ListItem\",\"position\":1,\"name\":\"Home\",\"item\":\"https:\/\/garciacamara.com\/\"},{\"@type\":\"ListItem\",\"position\":2,\"name\":\"News\"}]},{\"@type\":\"WebSite\",\"@id\":\"https:\/\/garciacamara.com\/#website\",\"url\":\"https:\/\/garciacamara.com\/\",\"name\":\"Garc\u00eda C\u00e1mara\",\"description\":\"Fabricaci\u00f3n de intercambiadores de calor desde 1942.\",\"publisher\":{\"@id\":\"https:\/\/garciacamara.com\/#organization\"},\"potentialAction\":[{\"@type\":\"SearchAction\",\"target\":{\"@type\":\"EntryPoint\",\"urlTemplate\":\"https:\/\/garciacamara.com\/?s={search_term_string}\"},\"query-input\":{\"@type\":\"PropertyValueSpecification\",\"valueRequired\":true,\"valueName\":\"search_term_string\"}}],\"inLanguage\":\"en-US\"},{\"@type\":\"Organization\",\"@id\":\"https:\/\/garciacamara.com\/#organization\",\"name\":\"Garc\u00eda C\u00e1mara\",\"url\":\"https:\/\/garciacamara.com\/\",\"logo\":{\"@type\":\"ImageObject\",\"inLanguage\":\"en-US\",\"@id\":\"https:\/\/garciacamara.com\/#\/schema\/logo\/image\/\",\"url\":\"https:\/\/garciacamara.com\/wp-content\/uploads\/2022\/03\/logo-garcia-camara-gc-4.svg\",\"contentUrl\":\"https:\/\/garciacamara.com\/wp-content\/uploads\/2022\/03\/logo-garcia-camara-gc-4.svg\",\"width\":1,\"height\":1,\"caption\":\"Garc\u00eda C\u00e1mara\"},\"image\":{\"@id\":\"https:\/\/garciacamara.com\/#\/schema\/logo\/image\/\"}}]}<\/script>\n<!-- \/ Yoast SEO plugin. -->","yoast_head_json":{"title":"News - Garc\u00eda C\u00e1mara","robots":{"index":"index","follow":"follow","max-snippet":"max-snippet:-1","max-image-preview":"max-image-preview:large","max-video-preview":"max-video-preview:-1"},"canonical":"https:\/\/garciacamara.com\/noticias\/","og_locale":"en_US","og_type":"article","og_title":"News - Garc\u00eda C\u00e1mara","og_description":"NEWS","og_url":"https:\/\/garciacamara.com\/noticias\/","og_site_name":"Garc\u00eda C\u00e1mara","article_modified_time":"2024-03-12T15:35:11+00:00","twitter_card":"summary_large_image","twitter_misc":{"Est. reading time":"4 minutes"},"schema":{"@context":"https:\/\/schema.org","@graph":[{"@type":"WebPage","@id":"https:\/\/garciacamara.com\/noticias\/","url":"https:\/\/garciacamara.com\/noticias\/","name":"News - Garc\u00eda C\u00e1mara","isPartOf":{"@id":"https:\/\/garciacamara.com\/#website"},"datePublished":"2021-11-05T10:16:32+00:00","dateModified":"2024-03-12T15:35:11+00:00","breadcrumb":{"@id":"https:\/\/garciacamara.com\/noticias\/#breadcrumb"},"inLanguage":"en-US","potentialAction":[{"@type":"ReadAction","target":["https:\/\/garciacamara.com\/noticias\/"]}]},{"@type":"BreadcrumbList","@id":"https:\/\/garciacamara.com\/noticias\/#breadcrumb","itemListElement":[{"@type":"ListItem","position":1,"name":"Home","item":"https:\/\/garciacamara.com\/"},{"@type":"ListItem","position":2,"name":"News"}]},{"@type":"WebSite","@id":"https:\/\/garciacamara.com\/#website","url":"https:\/\/garciacamara.com\/","name":"Garc\u00eda C\u00e1mara","description":"Fabricaci\u00f3n de intercambiadores de calor desde 1942.","publisher":{"@id":"https:\/\/garciacamara.com\/#organization"},"potentialAction":[{"@type":"SearchAction","target":{"@type":"EntryPoint","urlTemplate":"https:\/\/garciacamara.com\/?s={search_term_string}"},"query-input":{"@type":"PropertyValueSpecification","valueRequired":true,"valueName":"search_term_string"}}],"inLanguage":"en-US"},{"@type":"Organization","@id":"https:\/\/garciacamara.com\/#organization","name":"Garc\u00eda C\u00e1mara","url":"https:\/\/garciacamara.com\/","logo":{"@type":"ImageObject","inLanguage":"en-US","@id":"https:\/\/garciacamara.com\/#\/schema\/logo\/image\/","url":"https:\/\/garciacamara.com\/wp-content\/uploads\/2022\/03\/logo-garcia-camara-gc-4.svg","contentUrl":"https:\/\/garciacamara.com\/wp-content\/uploads\/2022\/03\/logo-garcia-camara-gc-4.svg","width":1,"height":1,"caption":"Garc\u00eda C\u00e1mara"},"image":{"@id":"https:\/\/garciacamara.com\/#\/schema\/logo\/image\/"}}]}},"_links":{"self":[{"href":"https:\/\/garciacamara.com\/en\/wp-json\/wp\/v2\/pages\/882","targetHints":{"allow":["GET"]}}],"collection":[{"href":"https:\/\/garciacamara.com\/en\/wp-json\/wp\/v2\/pages"}],"about":[{"href":"https:\/\/garciacamara.com\/en\/wp-json\/wp\/v2\/types\/page"}],"author":[{"embeddable":true,"href":"https:\/\/garciacamara.com\/en\/wp-json\/wp\/v2\/users\/1"}],"replies":[{"embeddable":true,"href":"https:\/\/garciacamara.com\/en\/wp-json\/wp\/v2\/comments?post=882"}],"version-history":[{"count":10,"href":"https:\/\/garciacamara.com\/en\/wp-json\/wp\/v2\/pages\/882\/revisions"}],"predecessor-version":[{"id":2943,"href":"https:\/\/garciacamara.com\/en\/wp-json\/wp\/v2\/pages\/882\/revisions\/2943"}],"wp:attachment":[{"href":"https:\/\/garciacamara.com\/en\/wp-json\/wp\/v2\/media?parent=882"}],"curies":[{"name":"wp","href":"https:\/\/api.w.org\/{rel}","templated":true}]}}