{"id":2161,"date":"2021-11-05T10:16:32","date_gmt":"2021-11-05T10:16:32","guid":{"rendered":"https:\/\/garciacamara.com\/?page_id=2161"},"modified":"2024-03-12T15:36:13","modified_gmt":"2024-03-12T15:36:13","slug":"informations","status":"publish","type":"page","link":"https:\/\/garciacamara.com\/fr\/informations\/","title":{"rendered":"Informations"},"content":{"rendered":"\t\t<div data-elementor-type=\"wp-page\" data-elementor-id=\"2161\" class=\"elementor elementor-2161 elementor-185\" data-elementor-post-type=\"page\">\n\t\t\t\t\t\t<section class=\"elementor-section elementor-top-section elementor-element elementor-element-022d149 elementor-section-full_width elementor-section-height-default elementor-section-height-default\" data-id=\"022d149\" data-element_type=\"section\" data-settings=\"{&quot;background_background&quot;:&quot;classic&quot;}\">\n\t\t\t\t\t\t<div class=\"elementor-container elementor-column-gap-default\">\n\t\t\t\t\t<div class=\"elementor-column elementor-col-100 elementor-top-column elementor-element elementor-element-844a722\" data-id=\"844a722\" data-element_type=\"column\">\n\t\t\t<div class=\"elementor-widget-wrap elementor-element-populated\">\n\t\t\t\t\t\t<div class=\"elementor-element elementor-element-9e79e03 elementor-widget elementor-widget-spacer\" data-id=\"9e79e03\" data-element_type=\"widget\" data-widget_type=\"spacer.default\">\n\t\t\t\t<div class=\"elementor-widget-container\">\n\t\t\t\t\t\t\t<div class=\"elementor-spacer\">\n\t\t\t<div class=\"elementor-spacer-inner\"><\/div>\n\t\t<\/div>\n\t\t\t\t\t\t<\/div>\n\t\t\t\t<\/div>\n\t\t\t\t\t<\/div>\n\t\t<\/div>\n\t\t\t\t\t<\/div>\n\t\t<\/section>\n\t\t\t\t<section class=\"elementor-section elementor-top-section elementor-element elementor-element-a526ef2 elementor-section-boxed elementor-section-height-default elementor-section-height-default\" data-id=\"a526ef2\" data-element_type=\"section\">\n\t\t\t\t\t\t<div class=\"elementor-container elementor-column-gap-default\">\n\t\t\t\t\t<div class=\"elementor-column elementor-col-100 elementor-top-column elementor-element elementor-element-6ade122\" data-id=\"6ade122\" data-element_type=\"column\">\n\t\t\t<div class=\"elementor-widget-wrap elementor-element-populated\">\n\t\t\t\t\t\t<div class=\"elementor-element elementor-element-ef7ea24 elementor-widget elementor-widget-heading\" data-id=\"ef7ea24\" data-element_type=\"widget\" data-widget_type=\"heading.default\">\n\t\t\t\t<div class=\"elementor-widget-container\">\n\t\t\t\t\t<h2 class=\"elementor-heading-title elementor-size-default\">informations<\/h2>\t\t\t\t<\/div>\n\t\t\t\t<\/div>\n\t\t\t\t<div class=\"elementor-element elementor-element-dea6fb2 elementor-widget elementor-widget-text-editor\" data-id=\"dea6fb2\" data-element_type=\"widget\" data-widget_type=\"text-editor.default\">\n\t\t\t\t<div class=\"elementor-widget-container\">\n\t\t\t\t\t\t\t\t\t<style>.wp-show-posts-columns#wpsp-192 {margin-left: -6em; }.wp-show-posts-columns#wpsp-192 .wp-show-posts-inner {margin: 0 0 6em 6em; }<\/style><section id=\"wpsp-192\" class=\" wp-show-posts-columns wp-show-posts\" style=\"\"><article class=\" wp-show-posts-single post-3636 post type-post status-publish format-standard has-post-thumbnail hentry category-non-classifiee wpsp-col-4\" itemtype=\"http:\/\/schema.org\/CreativeWork\" itemscope><div class=\"wp-show-posts-inner\" style=\"\">\t\t<div class=\"wp-show-posts-image  wpsp-image-center \">\n\t\t\t<a href=\"https:\/\/garciacamara.com\/fr\/garcia-camara-a-euroshop-2026\/\"  title=\"GARC\u00cdA C\u00c1MARA \u00c0 EUROSHOP 2026\"><img fetchpriority=\"high\" decoding=\"async\" width=\"1920\" height=\"1080\" src=\"https:\/\/garciacamara.com\/wp-content\/uploads\/2026\/03\/gc-levante.jpg\" class=\"attachment-full size-full wp-post-image\" alt=\"\" itemprop=\"image\" srcset=\"https:\/\/garciacamara.com\/wp-content\/uploads\/2026\/03\/gc-levante.jpg 1920w, https:\/\/garciacamara.com\/wp-content\/uploads\/2026\/03\/gc-levante-300x169.jpg 300w, https:\/\/garciacamara.com\/wp-content\/uploads\/2026\/03\/gc-levante-1024x576.jpg 1024w, https:\/\/garciacamara.com\/wp-content\/uploads\/2026\/03\/gc-levante-768x432.jpg 768w, https:\/\/garciacamara.com\/wp-content\/uploads\/2026\/03\/gc-levante-1536x864.jpg 1536w\" sizes=\"(max-width: 1920px) 100vw, 1920px\" \/><\/a>\t\t<\/div>\n\t\t\t\t\t\t\t\t<header class=\"wp-show-posts-entry-header\">\n\t\t\t\t\t\t\t<h2 class=\"wp-show-posts-entry-title\" itemprop=\"headline\"><a href=\"https:\/\/garciacamara.com\/fr\/garcia-camara-a-euroshop-2026\/\" rel=\"bookmark\">GARC\u00cdA C\u00c1MARA \u00c0 EUROSHOP 2026<\/a><\/h2>\t\t\t\t\t\t<\/header><!-- .entry-header -->\n\t\t\t\t\t\t\t\t\t\t\t<div class=\"wp-show-posts-entry-summary\" itemprop=\"text\">\n\t\t\t\t\t\t\t<p>GC a particip\u00e9 \u00e0 la derni\u00e8re \u00e9dition d\u2019EUROSHOP, o\u00f9 nous avons pr\u00e9sent\u00e9 notre GASCOOLER HYBRID LEVANTE. Nous souhaitons remercier sinc\u00e8rement toutes les personnes qui ont visit\u00e9 notre stand pendant le&#8230;<\/p>\n\t\t\t\t\t\t<\/div><!-- .entry-summary -->\n\t\t\t\t\t<\/div><!-- wp-show-posts-inner --><\/article><article class=\" wp-show-posts-single post-3558 post type-post status-publish format-standard has-post-thumbnail hentry category-non-classifiee wpsp-col-4\" itemtype=\"http:\/\/schema.org\/CreativeWork\" itemscope><div class=\"wp-show-posts-inner\" style=\"\">\t\t<div class=\"wp-show-posts-image  wpsp-image-center \">\n\t\t\t<a href=\"https:\/\/garciacamara.com\/fr\/evaporateurs-polyvalents\/\"  title=\"\u00c9VAPORATEURS POLYVALENTS\"><img decoding=\"async\" width=\"640\" height=\"480\" src=\"https:\/\/garciacamara.com\/wp-content\/uploads\/2025\/12\/caja-venti-con-bateria.png\" class=\"attachment-full size-full wp-post-image\" alt=\"\" itemprop=\"image\" srcset=\"https:\/\/garciacamara.com\/wp-content\/uploads\/2025\/12\/caja-venti-con-bateria.png 640w, https:\/\/garciacamara.com\/wp-content\/uploads\/2025\/12\/caja-venti-con-bateria-300x225.png 300w\" sizes=\"(max-width: 640px) 100vw, 640px\" \/><\/a>\t\t<\/div>\n\t\t\t\t\t\t\t\t<header class=\"wp-show-posts-entry-header\">\n\t\t\t\t\t\t\t<h2 class=\"wp-show-posts-entry-title\" itemprop=\"headline\"><a href=\"https:\/\/garciacamara.com\/fr\/evaporateurs-polyvalents\/\" rel=\"bookmark\">\u00c9VAPORATEURS POLYVALENTS<\/a><\/h2>\t\t\t\t\t\t<\/header><!-- .entry-header -->\n\t\t\t\t\t\t\t\t\t\t\t<div class=\"wp-show-posts-entry-summary\" itemprop=\"text\">\n\t\t\t\t\t\t\t<p>Ces derni\u00e8res ann\u00e9es, le secteur de la r\u00e9frig\u00e9ration traverse l\u2019une des p\u00e9riodes les plus complexes jamais connues. La pression r\u00e9glementaire d\u00e9coulant du R\u00e8glement F-Gas de l\u2019UE et la r\u00e9duction progressive&#8230;<\/p>\n\t\t\t\t\t\t<\/div><!-- .entry-summary -->\n\t\t\t\t\t<\/div><!-- wp-show-posts-inner --><\/article><article class=\" wp-show-posts-single post-3514 post type-post status-publish format-standard has-post-thumbnail hentry category-non-classifiee wpsp-col-4\" itemtype=\"http:\/\/schema.org\/CreativeWork\" itemscope><div class=\"wp-show-posts-inner\" style=\"\">\t\t<div class=\"wp-show-posts-image  wpsp-image-center \">\n\t\t\t<a href=\"https:\/\/garciacamara.com\/fr\/conceptions-de-systemes-plus-efficaces\/\"  title=\"Conceptions de syst\u00e8mes plus efficaces\"><img decoding=\"async\" width=\"2560\" height=\"1920\" src=\"https:\/\/garciacamara.com\/wp-content\/uploads\/2025\/10\/IMG_0582-editada-scaled.jpg\" class=\"attachment-full size-full wp-post-image\" alt=\"\" itemprop=\"image\" srcset=\"https:\/\/garciacamara.com\/wp-content\/uploads\/2025\/10\/IMG_0582-editada-scaled.jpg 2560w, https:\/\/garciacamara.com\/wp-content\/uploads\/2025\/10\/IMG_0582-editada-300x225.jpg 300w, https:\/\/garciacamara.com\/wp-content\/uploads\/2025\/10\/IMG_0582-editada-1024x768.jpg 1024w, https:\/\/garciacamara.com\/wp-content\/uploads\/2025\/10\/IMG_0582-editada-768x576.jpg 768w, https:\/\/garciacamara.com\/wp-content\/uploads\/2025\/10\/IMG_0582-editada-1536x1152.jpg 1536w, https:\/\/garciacamara.com\/wp-content\/uploads\/2025\/10\/IMG_0582-editada-2048x1536.jpg 2048w\" sizes=\"(max-width: 2560px) 100vw, 2560px\" \/><\/a>\t\t<\/div>\n\t\t\t\t\t\t\t\t<header class=\"wp-show-posts-entry-header\">\n\t\t\t\t\t\t\t<h2 class=\"wp-show-posts-entry-title\" itemprop=\"headline\"><a href=\"https:\/\/garciacamara.com\/fr\/conceptions-de-systemes-plus-efficaces\/\" rel=\"bookmark\">Conceptions de syst\u00e8mes plus efficaces<\/a><\/h2>\t\t\t\t\t\t<\/header><!-- .entry-header -->\n\t\t\t\t\t\t\t\t\t\t\t<div class=\"wp-show-posts-entry-summary\" itemprop=\"text\">\n\t\t\t\t\t\t\t<p>Dans le cadre de notre strat\u00e9gie d\u2019innovation et de durabilit\u00e9, nous d\u00e9veloppons des solutions de r\u00e9frig\u00e9ration industrielle bas\u00e9es sur l\u2019ammoniac (NH\u2083) en expansion directe et \u00e0 faible charge. Cette technologie garantit une haute efficacit\u00e9 \u00e9nerg\u00e9tique, une s\u00e9curit\u00e9 accrue et une r\u00e9duction de l\u2019impact environnemental, tout en respectant les r\u00e9glementations les plus exigeantes.<\/p>\n\t\t\t\t\t\t<\/div><!-- .entry-summary -->\n\t\t\t\t\t<\/div><!-- wp-show-posts-inner --><\/article><article class=\" wp-show-posts-single post-3478 post type-post status-publish format-standard has-post-thumbnail hentry category-non-classifiee wpsp-col-4\" itemtype=\"http:\/\/schema.org\/CreativeWork\" itemscope><div class=\"wp-show-posts-inner\" style=\"\">\t\t<div class=\"wp-show-posts-image  wpsp-image-center \">\n\t\t\t<a href=\"https:\/\/garciacamara.com\/fr\/systemes-nh%e2%82%83-a-detente-directe-et-faible-charge\/\"  title=\"SYST\u00c8MES NH\u2083 \u00c0 D\u00c9TENTE DIRECTE ET FAIBLE CHARGE\"><img loading=\"lazy\" decoding=\"async\" width=\"2560\" height=\"1920\" src=\"https:\/\/garciacamara.com\/wp-content\/uploads\/2025\/09\/GC-copia-scaled.jpg\" class=\"attachment-full size-full wp-post-image\" alt=\"\" itemprop=\"image\" srcset=\"https:\/\/garciacamara.com\/wp-content\/uploads\/2025\/09\/GC-copia-scaled.jpg 2560w, https:\/\/garciacamara.com\/wp-content\/uploads\/2025\/09\/GC-copia-300x225.jpg 300w, https:\/\/garciacamara.com\/wp-content\/uploads\/2025\/09\/GC-copia-1024x768.jpg 1024w, https:\/\/garciacamara.com\/wp-content\/uploads\/2025\/09\/GC-copia-768x576.jpg 768w, https:\/\/garciacamara.com\/wp-content\/uploads\/2025\/09\/GC-copia-1536x1152.jpg 1536w, https:\/\/garciacamara.com\/wp-content\/uploads\/2025\/09\/GC-copia-2048x1536.jpg 2048w\" sizes=\"(max-width: 2560px) 100vw, 2560px\" \/><\/a>\t\t<\/div>\n\t\t\t\t\t\t\t\t<header class=\"wp-show-posts-entry-header\">\n\t\t\t\t\t\t\t<h2 class=\"wp-show-posts-entry-title\" itemprop=\"headline\"><a href=\"https:\/\/garciacamara.com\/fr\/systemes-nh%e2%82%83-a-detente-directe-et-faible-charge\/\" rel=\"bookmark\">SYST\u00c8MES NH\u2083 \u00c0 D\u00c9TENTE DIRECTE ET FAIBLE CHARGE<\/a><\/h2>\t\t\t\t\t\t<\/header><!-- .entry-header -->\n\t\t\t\t\t\t\t\t\t\t\t<div class=\"wp-show-posts-entry-summary\" itemprop=\"text\">\n\t\t\t\t\t\t\t<p>NOUS PARIONS SUR LES SYST\u00c8MES NH\u2083 \u00c0 D\u00c9TENTE DIRECTE ET FAIBLE CHARGE COMME SOLUTION EFFICACE ET DURABLE Nous sommes engag\u00e9s en faveur de la durabilit\u00e9 et de l\u2019efficacit\u00e9 \u00e9nerg\u00e9tique \u00e0&#8230;<\/p>\n\t\t\t\t\t\t<\/div><!-- .entry-summary -->\n\t\t\t\t\t<\/div><!-- wp-show-posts-inner --><\/article><article class=\" wp-show-posts-single post-3435 post type-post status-publish format-standard has-post-thumbnail hentry category-non-classifiee wpsp-col-4\" itemtype=\"http:\/\/schema.org\/CreativeWork\" itemscope><div class=\"wp-show-posts-inner\" style=\"\">\t\t<div class=\"wp-show-posts-image  wpsp-image-center \">\n\t\t\t<a href=\"https:\/\/garciacamara.com\/fr\/evaporateurs-a-ammoniac-en-expansion-directe-avec-circuit-imbrique-pour-le-degivrage\/\"  title=\"\u00c9vaporateurs \u00e0 ammoniac en expansion directe avec circuit imbriqu\u00e9 pour le d\u00e9givrage\"><img loading=\"lazy\" decoding=\"async\" width=\"2040\" height=\"1350\" src=\"https:\/\/garciacamara.com\/wp-content\/uploads\/2025\/07\/garcia-camara-amoniaco.jpg\" class=\"attachment-full size-full wp-post-image\" alt=\"\" itemprop=\"image\" srcset=\"https:\/\/garciacamara.com\/wp-content\/uploads\/2025\/07\/garcia-camara-amoniaco.jpg 2040w, https:\/\/garciacamara.com\/wp-content\/uploads\/2025\/07\/garcia-camara-amoniaco-300x199.jpg 300w, https:\/\/garciacamara.com\/wp-content\/uploads\/2025\/07\/garcia-camara-amoniaco-1024x678.jpg 1024w, https:\/\/garciacamara.com\/wp-content\/uploads\/2025\/07\/garcia-camara-amoniaco-768x508.jpg 768w, https:\/\/garciacamara.com\/wp-content\/uploads\/2025\/07\/garcia-camara-amoniaco-1536x1016.jpg 1536w\" sizes=\"(max-width: 2040px) 100vw, 2040px\" \/><\/a>\t\t<\/div>\n\t\t\t\t\t\t\t\t<header class=\"wp-show-posts-entry-header\">\n\t\t\t\t\t\t\t<h2 class=\"wp-show-posts-entry-title\" itemprop=\"headline\"><a href=\"https:\/\/garciacamara.com\/fr\/evaporateurs-a-ammoniac-en-expansion-directe-avec-circuit-imbrique-pour-le-degivrage\/\" rel=\"bookmark\">\u00c9vaporateurs \u00e0 ammoniac en expansion directe avec circuit imbriqu\u00e9 pour le d\u00e9givrage<\/a><\/h2>\t\t\t\t\t\t<\/header><!-- .entry-header -->\n\t\t\t\t\t\t\t\t\t\t\t<div class=\"wp-show-posts-entry-summary\" itemprop=\"text\">\n\t\t\t\t\t\t\t<p>Nouvelle g\u00e9n\u00e9ration d&rsquo;\u00e9vaporateurs \u00e0 ammoniac (R717\/NH\u2083) en expansion directe (DX), con\u00e7us avec un circuit imbriqu\u00e9 sp\u00e9cialement d\u00e9velopp\u00e9 pour optimiser le processus de d\u00e9givrage. Cette avanc\u00e9e technologique r\u00e9pond \u00e0 la demande&#8230;<\/p>\n\t\t\t\t\t\t<\/div><!-- .entry-summary -->\n\t\t\t\t\t<\/div><!-- wp-show-posts-inner --><\/article><article class=\" wp-show-posts-single post-3384 post type-post status-publish format-standard has-post-thumbnail hentry category-non-classifiee wpsp-col-4\" itemtype=\"http:\/\/schema.org\/CreativeWork\" itemscope><div class=\"wp-show-posts-inner\" style=\"\">\t\t<div class=\"wp-show-posts-image  wpsp-image-center \">\n\t\t\t<a href=\"https:\/\/garciacamara.com\/fr\/qualite-et-durabilite-dans-les-oems\/\"  title=\"Qualit\u00e9 et Durabilit\u00e9 dans les OEMs\"><img loading=\"lazy\" decoding=\"async\" width=\"800\" height=\"500\" src=\"https:\/\/garciacamara.com\/wp-content\/uploads\/2025\/05\/gc-1.jpg\" class=\"attachment-full size-full wp-post-image\" alt=\"\" itemprop=\"image\" srcset=\"https:\/\/garciacamara.com\/wp-content\/uploads\/2025\/05\/gc-1.jpg 800w, https:\/\/garciacamara.com\/wp-content\/uploads\/2025\/05\/gc-1-300x188.jpg 300w, https:\/\/garciacamara.com\/wp-content\/uploads\/2025\/05\/gc-1-768x480.jpg 768w\" sizes=\"(max-width: 800px) 100vw, 800px\" \/><\/a>\t\t<\/div>\n\t\t\t\t\t\t\t\t<header class=\"wp-show-posts-entry-header\">\n\t\t\t\t\t\t\t<h2 class=\"wp-show-posts-entry-title\" itemprop=\"headline\"><a href=\"https:\/\/garciacamara.com\/fr\/qualite-et-durabilite-dans-les-oems\/\" rel=\"bookmark\">Qualit\u00e9 et Durabilit\u00e9 dans les OEMs<\/a><\/h2>\t\t\t\t\t\t<\/header><!-- .entry-header -->\n\t\t\t\t\t\t\t\t\t\t\t<div class=\"wp-show-posts-entry-summary\" itemprop=\"text\">\n\t\t\t\t\t\t\t<p>Chez\u00a0Garc\u00eda C\u00e1mara, nous sommes pionniers dans le d\u00e9veloppement de solutions OEM depuis notre cr\u00e9ation en 1942. Nous collaborons \u00e9troitement avec nos clients afin de leur offrir des produits sur mesure,&#8230;<\/p>\n\t\t\t\t\t\t<\/div><!-- .entry-summary -->\n\t\t\t\t\t<\/div><!-- wp-show-posts-inner --><\/article><article class=\" wp-show-posts-single post-3358 post type-post status-publish format-standard has-post-thumbnail hentry category-non-classifiee wpsp-col-4\" itemtype=\"http:\/\/schema.org\/CreativeWork\" itemscope><div class=\"wp-show-posts-inner\" style=\"\">\t\t<div class=\"wp-show-posts-image  wpsp-image-center \">\n\t\t\t<a href=\"https:\/\/garciacamara.com\/fr\/garcia-camara-etend-son-selecteur-avec-le-format-bim\/\"  title=\"GARCIA CAMARA \u00c9tend son S\u00e9lecteur avec le Format BIM\"><img loading=\"lazy\" decoding=\"async\" width=\"2040\" height=\"1530\" src=\"https:\/\/garciacamara.com\/wp-content\/uploads\/2025\/03\/GC-blog-20marzo.jpg\" class=\"attachment-full size-full wp-post-image\" alt=\"\" itemprop=\"image\" srcset=\"https:\/\/garciacamara.com\/wp-content\/uploads\/2025\/03\/GC-blog-20marzo.jpg 2040w, https:\/\/garciacamara.com\/wp-content\/uploads\/2025\/03\/GC-blog-20marzo-300x225.jpg 300w, https:\/\/garciacamara.com\/wp-content\/uploads\/2025\/03\/GC-blog-20marzo-1024x768.jpg 1024w, https:\/\/garciacamara.com\/wp-content\/uploads\/2025\/03\/GC-blog-20marzo-768x576.jpg 768w, https:\/\/garciacamara.com\/wp-content\/uploads\/2025\/03\/GC-blog-20marzo-1536x1152.jpg 1536w\" sizes=\"(max-width: 2040px) 100vw, 2040px\" \/><\/a>\t\t<\/div>\n\t\t\t\t\t\t\t\t<header class=\"wp-show-posts-entry-header\">\n\t\t\t\t\t\t\t<h2 class=\"wp-show-posts-entry-title\" itemprop=\"headline\"><a href=\"https:\/\/garciacamara.com\/fr\/garcia-camara-etend-son-selecteur-avec-le-format-bim\/\" rel=\"bookmark\">GARCIA CAMARA \u00c9tend son S\u00e9lecteur avec le Format BIM<\/a><\/h2>\t\t\t\t\t\t<\/header><!-- .entry-header -->\n\t\t\t\t\t\t\t\t\t\t\t<div class=\"wp-show-posts-entry-summary\" itemprop=\"text\">\n\t\t\t\t\t\t\t<p>Chez GARCIA C\u00c1MARA, nous continuons \u00e0 innover et avons int\u00e9gr\u00e9 le format BIM (Building Information Modeling) dans notre s\u00e9lecteur. Il est d\u00e9sormais disponible dans nos gammes d&rsquo;\u00e9vaporateurs : BSL, EC,&#8230;<\/p>\n\t\t\t\t\t\t<\/div><!-- .entry-summary -->\n\t\t\t\t\t<\/div><!-- wp-show-posts-inner --><\/article><article class=\" wp-show-posts-single post-3323 post type-post status-publish format-standard has-post-thumbnail hentry category-non-classifiee wpsp-col-4\" itemtype=\"http:\/\/schema.org\/CreativeWork\" itemscope><div class=\"wp-show-posts-inner\" style=\"\">\t\t<div class=\"wp-show-posts-image  wpsp-image-center \">\n\t\t\t<a href=\"https:\/\/garciacamara.com\/fr\/les-futurs-professionnels-du-froid-visitent-gc-pour-decouvrir-linnovation-en-fabrication\/\"  title=\"Les futurs professionnels du froid visitent GC pour d\u00e9couvrir l\u2019innovation en fabrication\"><img loading=\"lazy\" decoding=\"async\" width=\"2040\" height=\"1536\" src=\"https:\/\/garciacamara.com\/wp-content\/uploads\/2025\/02\/GC-BLOG-PROFESIONALES.jpg\" class=\"attachment-full size-full wp-post-image\" alt=\"\" itemprop=\"image\" srcset=\"https:\/\/garciacamara.com\/wp-content\/uploads\/2025\/02\/GC-BLOG-PROFESIONALES.jpg 2040w, https:\/\/garciacamara.com\/wp-content\/uploads\/2025\/02\/GC-BLOG-PROFESIONALES-300x226.jpg 300w, https:\/\/garciacamara.com\/wp-content\/uploads\/2025\/02\/GC-BLOG-PROFESIONALES-1024x771.jpg 1024w, https:\/\/garciacamara.com\/wp-content\/uploads\/2025\/02\/GC-BLOG-PROFESIONALES-768x578.jpg 768w, https:\/\/garciacamara.com\/wp-content\/uploads\/2025\/02\/GC-BLOG-PROFESIONALES-1536x1157.jpg 1536w\" sizes=\"(max-width: 2040px) 100vw, 2040px\" \/><\/a>\t\t<\/div>\n\t\t\t\t\t\t\t\t<header class=\"wp-show-posts-entry-header\">\n\t\t\t\t\t\t\t<h2 class=\"wp-show-posts-entry-title\" itemprop=\"headline\"><a href=\"https:\/\/garciacamara.com\/fr\/les-futurs-professionnels-du-froid-visitent-gc-pour-decouvrir-linnovation-en-fabrication\/\" rel=\"bookmark\">Les futurs professionnels du froid visitent GC pour d\u00e9couvrir l\u2019innovation en fabrication<\/a><\/h2>\t\t\t\t\t\t<\/header><!-- .entry-header -->\n\t\t\t\t\t\t\t\t\t\t\t<div class=\"wp-show-posts-entry-summary\" itemprop=\"text\">\n\t\t\t\t\t\t\t<p>Le mercredi 12 f\u00e9vrier, un groupe d\u2019\u00e9tudiants de l\u2019IES Llombai de Burriana, inscrits en 1\u00e8re et 2\u00e8me ann\u00e9e du Cycle Moyen d\u2019Installation et de Maintenance des Installations Frigorifiques, a eu&#8230;<\/p>\n\t\t\t\t\t\t<\/div><!-- .entry-summary -->\n\t\t\t\t\t<\/div><!-- wp-show-posts-inner --><\/article><article class=\" wp-show-posts-single post-3244 post type-post status-publish format-standard has-post-thumbnail hentry category-non-classifiee wpsp-col-4\" itemtype=\"http:\/\/schema.org\/CreativeWork\" itemscope><div class=\"wp-show-posts-inner\" style=\"\">\t\t<div class=\"wp-show-posts-image  wpsp-image-center \">\n\t\t\t<a href=\"https:\/\/garciacamara.com\/fr\/engagement-vert-utilisation-du-co2\/\"  title=\"Engagement vert: Utilisation du CO2\"><img loading=\"lazy\" decoding=\"async\" width=\"1024\" height=\"1024\" src=\"https:\/\/garciacamara.com\/wp-content\/uploads\/2025\/01\/gc-co2.jpg\" class=\"attachment-full size-full wp-post-image\" alt=\"\" itemprop=\"image\" srcset=\"https:\/\/garciacamara.com\/wp-content\/uploads\/2025\/01\/gc-co2.jpg 1024w, https:\/\/garciacamara.com\/wp-content\/uploads\/2025\/01\/gc-co2-300x300.jpg 300w, https:\/\/garciacamara.com\/wp-content\/uploads\/2025\/01\/gc-co2-150x150.jpg 150w, https:\/\/garciacamara.com\/wp-content\/uploads\/2025\/01\/gc-co2-768x768.jpg 768w\" sizes=\"(max-width: 1024px) 100vw, 1024px\" \/><\/a>\t\t<\/div>\n\t\t\t\t\t\t\t\t<header class=\"wp-show-posts-entry-header\">\n\t\t\t\t\t\t\t<h2 class=\"wp-show-posts-entry-title\" itemprop=\"headline\"><a href=\"https:\/\/garciacamara.com\/fr\/engagement-vert-utilisation-du-co2\/\" rel=\"bookmark\">Engagement vert: Utilisation du CO2<\/a><\/h2>\t\t\t\t\t\t<\/header><!-- .entry-header -->\n\t\t\t\t\t\t\t\t\t\t\t<div class=\"wp-show-posts-entry-summary\" itemprop=\"text\">\n\t\t\t\t\t\t\t<p>Dans des secteurs tels que l&rsquo;industrie alimentaire, l&rsquo;utilisation du CO2 comme r\u00e9frig\u00e9rant &#8211; le dioxyde de carbone, \u00e9galement connu sous le nom de R744 &#8211; avec ses nombreuses variantes technologiques,&#8230;<\/p>\n\t\t\t\t\t\t<\/div><!-- .entry-summary -->\n\t\t\t\t\t<\/div><!-- wp-show-posts-inner --><\/article><div class=\"wpsp-clear\"><\/div><\/section><!-- .wp-show-posts --><div class=\"wpsp-load-more\"><span aria-current=\"page\" class=\"page-numbers current\">1<\/span>\n<a class=\"page-numbers\" href=\"https:\/\/garciacamara.com\/fr\/wp-json\/wp\/v2\/pages\/2161\/page\/2\/\">2<\/a>\n<a class=\"next page-numbers\" href=\"https:\/\/garciacamara.com\/fr\/wp-json\/wp\/v2\/pages\/2161\/page\/2\/\">Next &rarr;<\/a><\/div>\t\t\t\t\t\t\t\t<\/div>\n\t\t\t\t<\/div>\n\t\t\t\t\t<\/div>\n\t\t<\/div>\n\t\t\t\t\t<\/div>\n\t\t<\/section>\n\t\t\t\t<\/div>\n\t\t","protected":false},"excerpt":{"rendered":"<p>informations<\/p>\n","protected":false},"author":1,"featured_media":0,"parent":0,"menu_order":0,"comment_status":"closed","ping_status":"closed","template":"elementor_header_footer","meta":{"inline_featured_image":false,"footnotes":""},"class_list":["post-2161","page","type-page","status-publish","hentry"],"yoast_head":"<!-- This site is optimized with the Yoast SEO plugin v25.8 - https:\/\/yoast.com\/wordpress\/plugins\/seo\/ -->\n<title>Informations - Garc\u00eda C\u00e1mara<\/title>\n<meta name=\"robots\" content=\"index, follow, max-snippet:-1, max-image-preview:large, max-video-preview:-1\" \/>\n<link rel=\"canonical\" href=\"https:\/\/garciacamara.com\/noticias\/\" \/>\n<meta property=\"og:locale\" content=\"fr_FR\" \/>\n<meta property=\"og:type\" content=\"article\" \/>\n<meta property=\"og:title\" content=\"Informations - Garc\u00eda C\u00e1mara\" \/>\n<meta property=\"og:description\" content=\"informations\" \/>\n<meta property=\"og:url\" content=\"https:\/\/garciacamara.com\/noticias\/\" \/>\n<meta property=\"og:site_name\" content=\"Garc\u00eda C\u00e1mara\" \/>\n<meta property=\"article:modified_time\" content=\"2024-03-12T15:36:13+00:00\" \/>\n<meta name=\"twitter:card\" content=\"summary_large_image\" \/>\n<meta name=\"twitter:label1\" content=\"Dur\u00e9e de lecture estim\u00e9e\" \/>\n\t<meta name=\"twitter:data1\" content=\"1 minute\" \/>\n<script type=\"application\/ld+json\" class=\"yoast-schema-graph\">{\"@context\":\"https:\/\/schema.org\",\"@graph\":[{\"@type\":\"WebPage\",\"@id\":\"https:\/\/garciacamara.com\/noticias\/\",\"url\":\"https:\/\/garciacamara.com\/noticias\/\",\"name\":\"Informations - Garc\u00eda C\u00e1mara\",\"isPartOf\":{\"@id\":\"https:\/\/garciacamara.com\/#website\"},\"datePublished\":\"2021-11-05T10:16:32+00:00\",\"dateModified\":\"2024-03-12T15:36:13+00:00\",\"breadcrumb\":{\"@id\":\"https:\/\/garciacamara.com\/noticias\/#breadcrumb\"},\"inLanguage\":\"fr-FR\",\"potentialAction\":[{\"@type\":\"ReadAction\",\"target\":[\"https:\/\/garciacamara.com\/noticias\/\"]}]},{\"@type\":\"BreadcrumbList\",\"@id\":\"https:\/\/garciacamara.com\/noticias\/#breadcrumb\",\"itemListElement\":[{\"@type\":\"ListItem\",\"position\":1,\"name\":\"Home\",\"item\":\"https:\/\/garciacamara.com\/\"},{\"@type\":\"ListItem\",\"position\":2,\"name\":\"Informations\"}]},{\"@type\":\"WebSite\",\"@id\":\"https:\/\/garciacamara.com\/#website\",\"url\":\"https:\/\/garciacamara.com\/\",\"name\":\"Garc\u00eda C\u00e1mara\",\"description\":\"Fabricaci\u00f3n de intercambiadores de calor desde 1942.\",\"publisher\":{\"@id\":\"https:\/\/garciacamara.com\/#organization\"},\"potentialAction\":[{\"@type\":\"SearchAction\",\"target\":{\"@type\":\"EntryPoint\",\"urlTemplate\":\"https:\/\/garciacamara.com\/?s={search_term_string}\"},\"query-input\":{\"@type\":\"PropertyValueSpecification\",\"valueRequired\":true,\"valueName\":\"search_term_string\"}}],\"inLanguage\":\"fr-FR\"},{\"@type\":\"Organization\",\"@id\":\"https:\/\/garciacamara.com\/#organization\",\"name\":\"Garc\u00eda C\u00e1mara\",\"url\":\"https:\/\/garciacamara.com\/\",\"logo\":{\"@type\":\"ImageObject\",\"inLanguage\":\"fr-FR\",\"@id\":\"https:\/\/garciacamara.com\/#\/schema\/logo\/image\/\",\"url\":\"https:\/\/garciacamara.com\/wp-content\/uploads\/2022\/03\/logo-garcia-camara-gc-4.svg\",\"contentUrl\":\"https:\/\/garciacamara.com\/wp-content\/uploads\/2022\/03\/logo-garcia-camara-gc-4.svg\",\"width\":1,\"height\":1,\"caption\":\"Garc\u00eda C\u00e1mara\"},\"image\":{\"@id\":\"https:\/\/garciacamara.com\/#\/schema\/logo\/image\/\"}}]}<\/script>\n<!-- \/ Yoast SEO plugin. -->","yoast_head_json":{"title":"Informations - Garc\u00eda C\u00e1mara","robots":{"index":"index","follow":"follow","max-snippet":"max-snippet:-1","max-image-preview":"max-image-preview:large","max-video-preview":"max-video-preview:-1"},"canonical":"https:\/\/garciacamara.com\/noticias\/","og_locale":"fr_FR","og_type":"article","og_title":"Informations - Garc\u00eda C\u00e1mara","og_description":"informations","og_url":"https:\/\/garciacamara.com\/noticias\/","og_site_name":"Garc\u00eda C\u00e1mara","article_modified_time":"2024-03-12T15:36:13+00:00","twitter_card":"summary_large_image","twitter_misc":{"Dur\u00e9e de lecture estim\u00e9e":"1 minute"},"schema":{"@context":"https:\/\/schema.org","@graph":[{"@type":"WebPage","@id":"https:\/\/garciacamara.com\/noticias\/","url":"https:\/\/garciacamara.com\/noticias\/","name":"Informations - Garc\u00eda C\u00e1mara","isPartOf":{"@id":"https:\/\/garciacamara.com\/#website"},"datePublished":"2021-11-05T10:16:32+00:00","dateModified":"2024-03-12T15:36:13+00:00","breadcrumb":{"@id":"https:\/\/garciacamara.com\/noticias\/#breadcrumb"},"inLanguage":"fr-FR","potentialAction":[{"@type":"ReadAction","target":["https:\/\/garciacamara.com\/noticias\/"]}]},{"@type":"BreadcrumbList","@id":"https:\/\/garciacamara.com\/noticias\/#breadcrumb","itemListElement":[{"@type":"ListItem","position":1,"name":"Home","item":"https:\/\/garciacamara.com\/"},{"@type":"ListItem","position":2,"name":"Informations"}]},{"@type":"WebSite","@id":"https:\/\/garciacamara.com\/#website","url":"https:\/\/garciacamara.com\/","name":"Garc\u00eda C\u00e1mara","description":"Fabricaci\u00f3n de intercambiadores de calor desde 1942.","publisher":{"@id":"https:\/\/garciacamara.com\/#organization"},"potentialAction":[{"@type":"SearchAction","target":{"@type":"EntryPoint","urlTemplate":"https:\/\/garciacamara.com\/?s={search_term_string}"},"query-input":{"@type":"PropertyValueSpecification","valueRequired":true,"valueName":"search_term_string"}}],"inLanguage":"fr-FR"},{"@type":"Organization","@id":"https:\/\/garciacamara.com\/#organization","name":"Garc\u00eda C\u00e1mara","url":"https:\/\/garciacamara.com\/","logo":{"@type":"ImageObject","inLanguage":"fr-FR","@id":"https:\/\/garciacamara.com\/#\/schema\/logo\/image\/","url":"https:\/\/garciacamara.com\/wp-content\/uploads\/2022\/03\/logo-garcia-camara-gc-4.svg","contentUrl":"https:\/\/garciacamara.com\/wp-content\/uploads\/2022\/03\/logo-garcia-camara-gc-4.svg","width":1,"height":1,"caption":"Garc\u00eda C\u00e1mara"},"image":{"@id":"https:\/\/garciacamara.com\/#\/schema\/logo\/image\/"}}]}},"_links":{"self":[{"href":"https:\/\/garciacamara.com\/fr\/wp-json\/wp\/v2\/pages\/2161","targetHints":{"allow":["GET"]}}],"collection":[{"href":"https:\/\/garciacamara.com\/fr\/wp-json\/wp\/v2\/pages"}],"about":[{"href":"https:\/\/garciacamara.com\/fr\/wp-json\/wp\/v2\/types\/page"}],"author":[{"embeddable":true,"href":"https:\/\/garciacamara.com\/fr\/wp-json\/wp\/v2\/users\/1"}],"replies":[{"embeddable":true,"href":"https:\/\/garciacamara.com\/fr\/wp-json\/wp\/v2\/comments?post=2161"}],"version-history":[{"count":7,"href":"https:\/\/garciacamara.com\/fr\/wp-json\/wp\/v2\/pages\/2161\/revisions"}],"predecessor-version":[{"id":2949,"href":"https:\/\/garciacamara.com\/fr\/wp-json\/wp\/v2\/pages\/2161\/revisions\/2949"}],"wp:attachment":[{"href":"https:\/\/garciacamara.com\/fr\/wp-json\/wp\/v2\/media?parent=2161"}],"curies":[{"name":"wp","href":"https:\/\/api.w.org\/{rel}","templated":true}]}}